
 







{"id":19,"date":"2021-07-01T12:00:22","date_gmt":"2021-07-01T12:00:22","guid":{"rendered":"http:\/\/blogs.amb.cat\/innoamb\/?page_id=19"},"modified":"2021-07-01T12:00:22","modified_gmt":"2021-07-01T12:00:22","slug":"innobus-metropolita","status":"publish","type":"page","link":"https:\/\/blogs.amb.cat\/innoamb\/ca\/innobus-metropolita\/","title":{"rendered":"Innobus Metropolit\u00e0"},"content":{"rendered":"<p style=\"text-align: left\">L&#8217;<strong>Innobus<\/strong><strong> Metropolit\u00e0<\/strong>, \u00e9s una iniciativa que es presenta com a estrat\u00e8gia per <strong>apropar als joves emprenedors a l&#8217;ecosistema empresarial del territori metropolit\u00e0.\u00a0<\/strong><\/p>\n<p><a href=\"https:\/\/blogs.amb.cat\/innoamb\/wp-content\/uploads\/sites\/9\/2021\/06\/Sumate-QR-1-free-1536x826-3.jpg\"><img class=\"alignnone  wp-image-1905\" src=\"https:\/\/blogs.amb.cat\/innoamb\/wp-content\/uploads\/sites\/9\/2021\/06\/Sumate-QR-1-free-1536x826-3-300x161.jpg\" alt=\"\" width=\"407\" height=\"218\" srcset=\"https:\/\/blogs.amb.cat\/innoamb\/wp-content\/uploads\/sites\/9\/2021\/06\/Sumate-QR-1-free-1536x826-3-300x161.jpg 300w, https:\/\/blogs.amb.cat\/innoamb\/wp-content\/uploads\/sites\/9\/2021\/06\/Sumate-QR-1-free-1536x826-3-1024x551.jpg 1024w, https:\/\/blogs.amb.cat\/innoamb\/wp-content\/uploads\/sites\/9\/2021\/06\/Sumate-QR-1-free-1536x826-3-768x413.jpg 768w, https:\/\/blogs.amb.cat\/innoamb\/wp-content\/uploads\/sites\/9\/2021\/06\/Sumate-QR-1-free-1536x826-3.jpg 1536w\" sizes=\"(max-width: 407px) 100vw, 407px\" \/><\/a><\/p>\n<p style=\"text-align: left\">El projecte t\u00e9 els seg\u00fcents objectius:<\/p>\n<p>-Ajudar a joves, post-universitaris en el llan\u00e7ament dels seus projectes.<br \/>\n-Facilitar el coneixement del talent jove a les empreses (lliurament de CV personalment, borsa de perfils\u2026).<br \/>\n-Beneficiar a les empreses en la captaci\u00f3 de noves idees i talent.<strong>\u00a0<\/strong><\/p>\n<p><span style=\"color: #800080\"><strong>-Perfil:<\/strong> <\/span><strong>Persones en situaci\u00f3 d&#8217;atur i\/o millora de feina amb estudis universitaris finalitzats o en el darrer any d&#8217;estudis (fins a 45 anys) i residents a l&#8217;\u00e0mbit metropolit\u00e0.<\/strong><\/p>\n<p>Tamb\u00e9 poden participar graduats universitaris amb algun tipus de contracte a temps parcial que permeti participar al projecte en la seva totalitat.<\/p>\n<p>L\u20191 de juny,\u00a0Citilab\u00a0Cornell\u00e0 va acollir l\u2019acte de presentaci\u00f3 de l\u2019edici\u00f3 d\u2019enguany, on\u00a0hi\u00a0van\u00a0assistir\u00a0representants de les empreses i els 32 joves participants.<\/p>\n<p>La benvinguda oficial va anar a c\u00e0rrec d\u2019H\u00e9ctor Santcovsky,director de l\u2019\u00c0rea de Desenvolupament Social i Econ\u00f2mic de l\u2018AMB i Nat\u00e0lia Mir, directora general d\u2019Innobaix. Santcovsky va posar l\u2019accent\u00a0<em>\u201cen la necessitat de tirar endavant aquest tipus de projectes adre\u00e7ats a ajudar als joves en la seva capacitaci\u00f3 professional i apropar-los a l\u2019ecosistema empresarial m\u00e9s innovador del territori\u201d.<\/em>\u00a0Nat\u00e0lia Mir, per la seva part, va assegurar que estan molt satisfets amb les edicions anteriors de l\u2019Innobus i va valorar el programa de forma molt positiva, ja que\u00a0<em>\u201c\u00e9s una iniciativa que beneficia tant els<\/em><strong><em>\u00a0<\/em><\/strong><em>joves en el llan\u00e7ament dels seus projectes, com les empreses en el coneixement i la captaci\u00f3 de noves idees i talent\u201d.<\/em><strong><em><br \/>\n<\/em><\/strong><br \/>\nRepartits en 8 equips de 4,<strong>\u00a0<\/strong>els participants han pujat al bus per comen\u00e7ar la seva ruta.<\/p>\n<p>La primera parada, el 2 de juny, va ser a\u00a0ProCornell\u00e0, com a exemple d\u2019un espai municipal adre\u00e7at a ajudar als emprenedors a posar en marxa les seves idees.<\/p>\n<p><a href=\"https:\/\/blogs.amb.cat\/innoamb\/wp-content\/uploads\/sites\/9\/2021\/06\/Innobus-Jornada1_GRUP-BONA-1-e1622564723462.jpeg\"><img class=\"alignnone  wp-image-1906\" src=\"https:\/\/blogs.amb.cat\/innoamb\/wp-content\/uploads\/sites\/9\/2021\/06\/Innobus-Jornada1_GRUP-BONA-1-e1622564723462-300x148.jpeg\" alt=\"\" width=\"407\" height=\"201\" srcset=\"https:\/\/blogs.amb.cat\/innoamb\/wp-content\/uploads\/sites\/9\/2021\/06\/Innobus-Jornada1_GRUP-BONA-1-e1622564723462-300x148.jpeg 300w, https:\/\/blogs.amb.cat\/innoamb\/wp-content\/uploads\/sites\/9\/2021\/06\/Innobus-Jornada1_GRUP-BONA-1-e1622564723462-1024x503.jpeg 1024w, https:\/\/blogs.amb.cat\/innoamb\/wp-content\/uploads\/sites\/9\/2021\/06\/Innobus-Jornada1_GRUP-BONA-1-e1622564723462-768x378.jpeg 768w, https:\/\/blogs.amb.cat\/innoamb\/wp-content\/uploads\/sites\/9\/2021\/06\/Innobus-Jornada1_GRUP-BONA-1-e1622564723462.jpeg 1200w\" sizes=\"(max-width: 407px) 100vw, 407px\" \/><\/a><\/p>\n<p><span style=\"color: #800080\"><strong>-Calendari 2021:\u00a0<\/strong><\/span><\/p>\n<table>\n<tbody>\n<tr>\n<td>1 de juny<\/td>\n<td>Acte inicial<br \/>\nFormaci\u00f3 de perfils, a c\u00e0rrec de Pedro Olivares<\/td>\n<\/tr>\n<tr>\n<td>2 de juny<\/td>\n<td>Visita a ProCornell\u00e0<\/td>\n<\/tr>\n<tr>\n<td>7 de juny<\/td>\n<td>Formaci\u00f3 Doble Diamant<\/td>\n<\/tr>\n<tr>\n<td>8 de juny<\/td>\n<td>Din\u00e0mica pr\u00e0ctica de la formaci\u00f3 Doble Diamant<br \/>\nVisita a Silence (Seat). Sant Boi de Llobregat<br \/>\nVisita a empreses: Lipotrue, Unilever i Mesoestetic<\/td>\n<\/tr>\n<tr>\n<td>9 de juny<\/td>\n<td>Din\u00e0mica pr\u00e0ctica de la formaci\u00f3 Doble Diamant<br \/>\nVisita a Silence (Seat). Sant Boi de Llobregat<br \/>\nVisita a empreses: Schneider Electric, Aig\u00fces de Barcelona i Desigual.<br \/>\nVisita al Consell Comarcal del Baix Llobregat<\/td>\n<\/tr>\n<tr>\n<td><\/td>\n<td>Jornades de treball per l\u2019equip i mentoratge telem\u00e0tic<\/td>\n<\/tr>\n<tr>\n<td>14 de juny<\/td>\n<td>Formaci\u00f3 Model Business Canvas<br \/>\nPitch Ana Gener, d\u2019Aguirre Newman<br \/>\nVisita d\u2019inspiraci\u00f3 al Port de Barcelona<\/td>\n<\/tr>\n<tr>\n<td>15 de juny<\/td>\n<td>Pitch de Pau Garcia-Mil\u00e0<br \/>\nVisita a Barcelona Tech City<br \/>\nVisita a les oficines de Mobile World Capital Barcelona<br \/>\nPitch Agus G\u00f3mez, fundador de Wallapop<\/td>\n<\/tr>\n<tr>\n<td><\/td>\n<td>Jornades de treball per l\u2019equip i mentoratge telem\u00e0tic<\/td>\n<\/tr>\n<tr>\n<td>21 de juny<\/td>\n<td>Visita Fundaci\u00f3 Once<br \/>\nVisita Esade Cre\u00e1polis<\/td>\n<\/tr>\n<tr>\n<td><\/td>\n<td>Jornades de treball per l\u2019equip i mentoratge telem\u00e0tic<\/td>\n<\/tr>\n<tr>\n<td>28 de juny<\/td>\n<td>Mobile World Capital Barcelona<\/td>\n<\/tr>\n<tr>\n<td>1 de juliol<\/td>\n<td>Acte final<\/td>\n<\/tr>\n<\/tbody>\n<\/table>\n<p><span style=\"color: #800080\"><strong>-Empreses\/entitats participants:<\/strong><\/span><\/p>\n<p><span style=\"color: #800080\"><strong>\u00a0<\/strong><\/span><\/p>\n<p><span style=\"color: #800080\"><strong>Premis 2021:<\/strong><\/span><\/p>\n<p><span style=\"color: #800080\"><strong>Premis per a l&#8217;equip guanyador:<\/strong><\/span><\/p>\n<p><span style=\"color: #800080\"><strong>Altres incentius:<\/strong>\u00a0<\/span><\/p>\n<p><strong>-Participaci\u00f3 en un programa d&#8217;acompanyament, millora i desenvolupament del projecte a c\u00e0rrec d\u2019agents socials del territori<\/strong> (a\u00a0determinar en el transcurs del desenvolupament del Projecte amb les entitats\u00a0socials participants i al seu c\u00e0rrec).<\/p>\n<p>A m\u00e9s, <strong>s&#8217;ofereix als cinc primers equips seleccionats la presentaci\u00f3 dels seus projectes en el marc del Sal\u00f3 Biz Barcelona<\/strong> com a plataforma de\u00a0llan\u00e7ament.<\/p>\n<p><span style=\"color: #800080\"><strong>Altres\u00a0incentius\u00a0<\/strong><strong>per als participants<\/strong><strong>:<\/strong><\/span><\/p>\n<p>-Possibilitat de ser visible per les empreses i no haver de marxar del territori per la recerca de feina.<\/p>\n<p>-Donar respostes multidisciplinaris i veure la riquesa del treball en equip.<\/p>\n<p>-Oportunitat de con\u00e8ixer empreses i tenir un contacte directe amb elles. Lliurament de CV.<\/p>\n<p>-Enfrontar-se a nous reptes empresarials.<\/p>\n<p>-Formaci\u00f3 lliure d&#8217;equips multidisciplinaris &#8211; con\u00e8ixer la visi\u00f3 d&#8217;altres participants i disciplines.<\/p>\n<p>-Capacitaci\u00f3 en cadascuna de les empreses amb una sessi\u00f3 inspiradora i formativa sobre una tem\u00e0tica concreta.<\/p>\n<p>-Presentaci\u00f3 de la seva idea\/prototip davant un jurat final format per les empreses i institucions participant.<\/p>\n<p>-Despertar inter\u00e8s per la innovaci\u00f3 en diferents sectors.<\/p>\n<hr \/>\n<p><strong><span style=\"color: #800080\">VOLS PARTICIPAR EN LA NOVA EDICI\u00d3 DEL PROJECTE ? PLACES LIMITADES<\/span><\/strong><\/p>\n<p>Si sou\u00a0<strong><span style=\"text-decoration: underline\">empresa<\/span> interessada<\/strong> podeu sol\u00b7licitar info via <a title=\"Formulari de contacte\" href=\"https:\/\/blogs.amb.cat\/innoamb\/ca\/contacta\/\" target=\"_blank\" rel=\"noopener noreferrer\">formulari web<\/a>.<\/p>\n<p>Si sou <span style=\"text-decoration: underline\"><strong>universitaris<\/strong><\/span>, tamb\u00e9 podeu sol\u00b7licitar info per mitj\u00e0 del <a title=\"Formulari de contacte\" href=\"https:\/\/blogs.amb.cat\/innoamb\/ca\/contacta\/\" target=\"_blank\" rel=\"noopener noreferrer\">formulari web<\/a>.<\/p>\n<p><a href=\"http:\/\/agenciaeconomica.amb.cat\/agenda\/inscripcions\/innobus\"><img class=\"alignnone size-full wp-image-1272\" src=\"https:\/\/blogs.amb.cat\/innoamb\/wp-content\/uploads\/sites\/9\/2019\/02\/boto_inscripcio.jpg\" alt=\"boto_inscripcio\" width=\"153\" height=\"49\" srcset=\"https:\/\/blogs.amb.cat\/innoamb\/wp-content\/uploads\/sites\/9\/2019\/02\/boto_inscripcio.jpg 153w, https:\/\/blogs.amb.cat\/innoamb\/wp-content\/uploads\/sites\/9\/2019\/02\/boto_inscripcio-150x49.jpg 150w\" sizes=\"(max-width: 153px) 100vw, 153px\" \/><\/a><\/p>\n<p><strong>Playlist Innobus 2019:<\/strong><\/p>\n<p><iframe title=\"Innobus Metropolit\u00e0 2019\" width=\"1170\" height=\"658\" src=\"https:\/\/www.youtube.com\/embed\/videoseries?list=PLMZjt-Y3yY6t3NkHqFFEf3nXBPwZQMkuq\" frameborder=\"0\" allow=\"accelerometer; autoplay; clipboard-write; encrypted-media; gyroscope; picture-in-picture\" allowfullscreen><\/iframe><\/p>\n<p><span style=\"color: #800080\"><strong>Desc\u00e0rregues:<\/strong><\/span><\/p>\n<p>&#8211;<a title=\"Q\u00fcestionari\" href=\"https:\/\/blogs.amb.cat\/innoamb\/wp-content\/uploads\/sites\/9\/2019\/02\/questionari_empreses_2019.pdf\" target=\"_blank\" rel=\"noopener noreferrer\">Q\u00fcestionari\u00a0 d&#8217;estils divendres 5 d&#8217;abril<\/a><\/p>\n<p><a title=\"Normativa Innobus\" href=\"https:\/\/blogs.amb.cat\/innoamb\/wp-content\/uploads\/sites\/9\/2019\/05\/NORMATIVA-INNOBUS-2019.pdf\" target=\"_blank\" rel=\"noopener noreferrer\">-Normativa Innobus\u00a0<\/a><\/p>\n<p>App de l&#8217; Innobus Metropolit\u00e0:<\/p>\n<p class=\"alignnone\"><img class=\"alignnone wp-image-1190 \" src=\"https:\/\/blogs.amb.cat\/innoamb\/wp-content\/uploads\/sites\/9\/2019\/01\/App_innobus_mini.png\" alt=\"App_innobus_mini\" width=\"76\" height=\"76\" srcset=\"https:\/\/blogs.amb.cat\/innoamb\/wp-content\/uploads\/sites\/9\/2019\/01\/App_innobus_mini.png 300w, https:\/\/blogs.amb.cat\/innoamb\/wp-content\/uploads\/sites\/9\/2019\/01\/App_innobus_mini-150x150.png 150w\" sizes=\"(max-width: 76px) 100vw, 76px\" \/>\u00a0<a href=\"https:\/\/play.google.com\/store\/apps\/details?id=com.orgappnizer.innobusamb\"><img class=\"alignnone wp-image-1202\" src=\"https:\/\/blogs.amb.cat\/innoamb\/wp-content\/uploads\/sites\/9\/2019\/01\/googleplay_store.png\" alt=\"googleplay_store\" width=\"167\" height=\"52\" srcset=\"https:\/\/blogs.amb.cat\/innoamb\/wp-content\/uploads\/sites\/9\/2019\/01\/googleplay_store.png 515w, https:\/\/blogs.amb.cat\/innoamb\/wp-content\/uploads\/sites\/9\/2019\/01\/googleplay_store-300x93.png 300w\" sizes=\"(max-width: 167px) 100vw, 167px\" \/><\/a>\u00a0<a href=\"https:\/\/itunes.apple.com\"><img class=\"alignnone wp-image-1203\" src=\"https:\/\/blogs.amb.cat\/innoamb\/wp-content\/uploads\/sites\/9\/2019\/01\/appstore.png\" alt=\"appstore\" width=\"152\" height=\"51\" srcset=\"https:\/\/blogs.amb.cat\/innoamb\/wp-content\/uploads\/sites\/9\/2019\/01\/appstore.png 891w, https:\/\/blogs.amb.cat\/innoamb\/wp-content\/uploads\/sites\/9\/2019\/01\/appstore-300x101.png 300w\" sizes=\"(max-width: 152px) 100vw, 152px\" \/><\/a><\/p>\n<div>Col\u00b7labora<\/div>\n<div><\/div>\n<div><a href=\"https:\/\/blogs.amb.cat\/innoamb\/wp-content\/uploads\/sites\/9\/2021\/06\/logo_innobaix_S_blanc.png\"><img class=\"alignnone size-full wp-image-1901\" src=\"https:\/\/blogs.amb.cat\/innoamb\/wp-content\/uploads\/sites\/9\/2021\/06\/logo_innobaix_S_blanc.png\" alt=\"\" width=\"300\" height=\"151\" \/><\/a><\/div>\n<div><\/div>\n<div><\/div>\n<div>\n<p><em>Aquesta acci\u00f3 est\u00e0 subvencionada pel Servei P\u00fablic d\u2019Ocupaci\u00f3 de Catalunya i l\u2019FSE\u00a0<\/em><em>en el marc dels Programes de suport al desenvolupament local<\/em><\/p>\n<p><a href=\"https:\/\/blogs.amb.cat\/innoamb\/wp-content\/uploads\/sites\/9\/2021\/07\/logo-soc.jpg\"><img class=\"alignnone size-medium wp-image-1917\" src=\"https:\/\/blogs.amb.cat\/innoamb\/wp-content\/uploads\/sites\/9\/2021\/07\/logo-soc-300x38.jpg\" alt=\"\" width=\"300\" height=\"38\" srcset=\"https:\/\/blogs.amb.cat\/innoamb\/wp-content\/uploads\/sites\/9\/2021\/07\/logo-soc-300x38.jpg 300w, https:\/\/blogs.amb.cat\/innoamb\/wp-content\/uploads\/sites\/9\/2021\/07\/logo-soc-768x98.jpg 768w, https:\/\/blogs.amb.cat\/innoamb\/wp-content\/uploads\/sites\/9\/2021\/07\/logo-soc.jpg 1024w\" sizes=\"(max-width: 300px) 100vw, 300px\" \/><\/a><\/p>\n<\/div>\n","protected":false},"excerpt":{"rendered":"<p>L&#8217;Innobus Metropolit\u00e0, \u00e9s una iniciativa que es presenta com a estrat\u00e8gia per apropar als joves emprenedors a l&#8217;ecosistema empresarial del territori metropolit\u00e0.\u00a0 El projecte t\u00e9 els seg\u00fcents objectius: -Ajudar a joves, post-universitaris en el llan\u00e7ament dels seus projectes. -Facilitar el coneixement del talent jove a les empreses (lliurament de CV personalment, borsa de perfils\u2026). -Beneficiar [&hellip;]<\/p>\n","protected":false},"author":1,"featured_media":0,"parent":0,"menu_order":0,"comment_status":"closed","ping_status":"closed","template":"","meta":{"_oasis_is_in_workflow":0,"_oasis_original":0,"ngg_post_thumbnail":0},"_links":{"self":[{"href":"https:\/\/blogs.amb.cat\/innoamb\/wp-json\/wp\/v2\/pages\/19"}],"collection":[{"href":"https:\/\/blogs.amb.cat\/innoamb\/wp-json\/wp\/v2\/pages"}],"about":[{"href":"https:\/\/blogs.amb.cat\/innoamb\/wp-json\/wp\/v2\/types\/page"}],"author":[{"embeddable":true,"href":"https:\/\/blogs.amb.cat\/innoamb\/wp-json\/wp\/v2\/users\/1"}],"replies":[{"embeddable":true,"href":"https:\/\/blogs.amb.cat\/innoamb\/wp-json\/wp\/v2\/comments?post=19"}],"version-history":[{"count":6,"href":"https:\/\/blogs.amb.cat\/innoamb\/wp-json\/wp\/v2\/pages\/19\/revisions"}],"predecessor-version":[{"id":1918,"href":"https:\/\/blogs.amb.cat\/innoamb\/wp-json\/wp\/v2\/pages\/19\/revisions\/1918"}],"wp:attachment":[{"href":"https:\/\/blogs.amb.cat\/innoamb\/wp-json\/wp\/v2\/media?parent=19"}],"curies":[{"name":"wp","href":"https:\/\/api.w.org\/{rel}","templated":true}]}}